{"id":4306,"date":"2022-01-27T20:55:58","date_gmt":"2022-01-27T20:55:58","guid":{"rendered":"https:\/\/capferrat-villas.com\/actualites\/"},"modified":"2023-10-30T11:10:40","modified_gmt":"2023-10-30T11:10:40","slug":"actualites","status":"publish","type":"page","link":"https:\/\/capferrat-villas.com\/fr\/actualites\/","title":{"rendered":"Actualit\u00e9s"},"content":{"rendered":"\t\t<div data-elementor-type=\"wp-page\" data-elementor-id=\"4306\" class=\"elementor elementor-4306 elementor-1149\" data-elementor-post-type=\"page\">\n\t\t\t\t\t\t<section class=\"elementor-section elementor-top-section elementor-element elementor-element-4ac8284 elementor-section-height-min-height elementor-section-boxed elementor-section-height-default elementor-section-items-middle\" data-id=\"4ac8284\" data-element_type=\"section\" data-e-type=\"section\" data-settings=\"{&quot;background_background&quot;:&quot;classic&quot;}\">\n\t\t\t\t\t\t<div class=\"elementor-container elementor-column-gap-default\">\n\t\t\t\t\t<div class=\"elementor-column elementor-col-100 elementor-top-column elementor-element elementor-element-7d4aeda\" data-id=\"7d4aeda\" data-element_type=\"column\" data-e-type=\"column\">\n\t\t\t<div class=\"elementor-widget-wrap elementor-element-populated\">\n\t\t\t\t\t\t<div class=\"elementor-element elementor-element-414938e elementor-widget elementor-widget-heading\" data-id=\"414938e\" data-element_type=\"widget\" data-e-type=\"widget\" data-widget_type=\"heading.default\">\n\t\t\t\t<div class=\"elementor-widget-container\">\n\t\t\t\t\t<h1 class=\"elementor-heading-title elementor-size-default\">NOUVELLES<\/h1>\t\t\t\t<\/div>\n\t\t\t\t<\/div>\n\t\t\t\t\t<\/div>\n\t\t<\/div>\n\t\t\t\t\t<\/div>\n\t\t<\/section>\n\t\t\t\t<section class=\"elementor-section elementor-top-section elementor-element elementor-element-271c867 elementor-section-boxed elementor-section-height-default elementor-section-height-default\" data-id=\"271c867\" data-element_type=\"section\" data-e-type=\"section\">\n\t\t\t\t\t\t<div class=\"elementor-container elementor-column-gap-default\">\n\t\t\t\t\t<div class=\"elementor-column elementor-col-100 elementor-top-column elementor-element elementor-element-7a88480\" data-id=\"7a88480\" data-element_type=\"column\" data-e-type=\"column\">\n\t\t\t<div class=\"elementor-widget-wrap elementor-element-populated\">\n\t\t\t\t\t\t<div class=\"elementor-element elementor-element-08fb02a elementor-widget elementor-widget-heading\" data-id=\"08fb02a\" data-element_type=\"widget\" data-e-type=\"widget\" data-widget_type=\"heading.default\">\n\t\t\t\t<div class=\"elementor-widget-container\">\n\t\t\t\t\t<h2 class=\"elementor-heading-title elementor-size-default\">NOS NOUVELLES<\/h2>\t\t\t\t<\/div>\n\t\t\t\t<\/div>\n\t\t\t\t<div class=\"elementor-element elementor-element-430b446 elementor-widget elementor-widget-text-editor\" data-id=\"430b446\" data-element_type=\"widget\" data-e-type=\"widget\" data-widget_type=\"text-editor.default\">\n\t\t\t\t<div class=\"elementor-widget-container\">\n\t\t\t\t\t\t\t\t\t<p>Les derni\u00e8res nouvelles concernant les villas de luxe \u00e0 louer \u00e0 Cap Ferrat<span style=\"color: var(--global--color-primary);\">:<\/span><\/p>\n\t\t\t\t\t\t\t\t<\/div>\n\t\t\t\t<\/div>\n\t\t\t\t<div class=\"elementor-element elementor-element-7919166 elementor-posts--align-center elementor-grid-3 elementor-grid-tablet-2 elementor-grid-mobile-1 elementor-posts--thumbnail-top elementor-card-shadow-yes elementor-posts__hover-gradient elementor-widget elementor-widget-posts\" data-id=\"7919166\" data-element_type=\"widget\" data-e-type=\"widget\" data-settings=\"{&quot;cards_masonry&quot;:&quot;yes&quot;,&quot;pagination_type&quot;:&quot;numbers&quot;,&quot;cards_columns&quot;:&quot;3&quot;,&quot;cards_columns_tablet&quot;:&quot;2&quot;,&quot;cards_columns_mobile&quot;:&quot;1&quot;,&quot;cards_row_gap&quot;:{&quot;unit&quot;:&quot;px&quot;,&quot;size&quot;:35,&quot;sizes&quot;:[]},&quot;cards_row_gap_tablet&quot;:{&quot;unit&quot;:&quot;px&quot;,&quot;size&quot;:&quot;&quot;,&quot;sizes&quot;:[]},&quot;cards_row_gap_mobile&quot;:{&quot;unit&quot;:&quot;px&quot;,&quot;size&quot;:&quot;&quot;,&quot;sizes&quot;:[]}}\" data-widget_type=\"posts.cards\">\n\t\t\t\t<div class=\"elementor-widget-container\">\n\t\t\t\t\t\t\t<div class=\"elementor-posts-container elementor-posts elementor-posts--skin-cards elementor-grid\" role=\"list\">\n\t\t\t\t<article class=\"elementor-post elementor-grid-item post-4642 post type-post status-publish format-standard has-post-thumbnail hentry category-non-classifiee\" role=\"listitem\">\n\t\t\t<div class=\"elementor-post__card\">\n\t\t\t\t<a class=\"elementor-post__thumbnail__link\" href=\"https:\/\/capferrat-villas.com\/fr\/top-villas-a-louer-au-cap-ferrat\/\" tabindex=\"-1\" ><div class=\"elementor-post__thumbnail\"><img fetchpriority=\"high\" decoding=\"async\" width=\"1536\" height=\"1024\" src=\"https:\/\/capferrat-villas.com\/wp-content\/uploads\/2023\/10\/Villa-veleria-12-1536x1024.jpeg\" class=\"attachment-1536x1536 size-1536x1536 wp-image-4124\" alt=\"\" srcset=\"https:\/\/capferrat-villas.com\/wp-content\/uploads\/2023\/10\/Villa-veleria-12-1536x1024.jpeg 1536w, https:\/\/capferrat-villas.com\/wp-content\/uploads\/2023\/10\/Villa-veleria-12-300x200.jpeg 300w, https:\/\/capferrat-villas.com\/wp-content\/uploads\/2023\/10\/Villa-veleria-12-1024x683.jpeg 1024w, https:\/\/capferrat-villas.com\/wp-content\/uploads\/2023\/10\/Villa-veleria-12-768x512.jpeg 768w, https:\/\/capferrat-villas.com\/wp-content\/uploads\/2023\/10\/Villa-veleria-12-1568x1046.jpeg 1568w, https:\/\/capferrat-villas.com\/wp-content\/uploads\/2023\/10\/Villa-veleria-12.jpeg 1777w\" sizes=\"(max-width: 1536px) 100vw, 1536px\" \/><\/div><\/a>\n\t\t\t\t<div class=\"elementor-post__text\">\n\t\t\t\t<h3 class=\"elementor-post__title\">\n\t\t\t<a href=\"https:\/\/capferrat-villas.com\/fr\/top-villas-a-louer-au-cap-ferrat\/\" >\n\t\t\t\tTop villas \u00e0 louer au Cap Ferrat\t\t\t<\/a>\n\t\t<\/h3>\n\t\t\t\t<\/div>\n\t\t\t\t\t<\/div>\n\t\t<\/article>\n\t\t\t\t<article class=\"elementor-post elementor-grid-item post-4381 post type-post status-publish format-standard has-post-thumbnail hentry category-non-classifiee\" role=\"listitem\">\n\t\t\t<div class=\"elementor-post__card\">\n\t\t\t\t<a class=\"elementor-post__thumbnail__link\" href=\"https:\/\/capferrat-villas.com\/fr\/comment-approvisionner-votre-villa-a-lavance\/\" tabindex=\"-1\" ><div class=\"elementor-post__thumbnail\"><img decoding=\"async\" width=\"1314\" height=\"876\" src=\"https:\/\/capferrat-villas.com\/wp-content\/uploads\/2022\/09\/Villa-Loana-4.jpg\" class=\"attachment-1536x1536 size-1536x1536 wp-image-3773\" alt=\"\" srcset=\"https:\/\/capferrat-villas.com\/wp-content\/uploads\/2022\/09\/Villa-Loana-4.jpg 1314w, https:\/\/capferrat-villas.com\/wp-content\/uploads\/2022\/09\/Villa-Loana-4-300x200.jpg 300w, https:\/\/capferrat-villas.com\/wp-content\/uploads\/2022\/09\/Villa-Loana-4-1024x683.jpg 1024w, https:\/\/capferrat-villas.com\/wp-content\/uploads\/2022\/09\/Villa-Loana-4-768x512.jpg 768w\" sizes=\"(max-width: 1314px) 100vw, 1314px\" \/><\/div><\/a>\n\t\t\t\t<div class=\"elementor-post__text\">\n\t\t\t\t<h3 class=\"elementor-post__title\">\n\t\t\t<a href=\"https:\/\/capferrat-villas.com\/fr\/comment-approvisionner-votre-villa-a-lavance\/\" >\n\t\t\t\tComment approvisionner votre villa \u00e0 l&rsquo;avance\t\t\t<\/a>\n\t\t<\/h3>\n\t\t\t\t<\/div>\n\t\t\t\t\t<\/div>\n\t\t<\/article>\n\t\t\t\t<article class=\"elementor-post elementor-grid-item post-4349 post type-post status-publish format-standard has-post-thumbnail hentry category-non-classifiee\" role=\"listitem\">\n\t\t\t<div class=\"elementor-post__card\">\n\t\t\t\t<a class=\"elementor-post__thumbnail__link\" href=\"https:\/\/capferrat-villas.com\/fr\/lancement-du-nouveau-site-web\/\" tabindex=\"-1\" ><div class=\"elementor-post__thumbnail\"><img decoding=\"async\" width=\"1536\" height=\"1025\" src=\"https:\/\/capferrat-villas.com\/wp-content\/uploads\/2022\/09\/Villa-Illona-26-1536x1025.jpg\" class=\"attachment-1536x1536 size-1536x1536 wp-image-3419\" alt=\"\" srcset=\"https:\/\/capferrat-villas.com\/wp-content\/uploads\/2022\/09\/Villa-Illona-26-1536x1025.jpg 1536w, https:\/\/capferrat-villas.com\/wp-content\/uploads\/2022\/09\/Villa-Illona-26-300x200.jpg 300w, https:\/\/capferrat-villas.com\/wp-content\/uploads\/2022\/09\/Villa-Illona-26-1024x683.jpg 1024w, https:\/\/capferrat-villas.com\/wp-content\/uploads\/2022\/09\/Villa-Illona-26-768x512.jpg 768w, https:\/\/capferrat-villas.com\/wp-content\/uploads\/2022\/09\/Villa-Illona-26-1568x1046.jpg 1568w, https:\/\/capferrat-villas.com\/wp-content\/uploads\/2022\/09\/Villa-Illona-26.jpg 2000w\" sizes=\"(max-width: 1536px) 100vw, 1536px\" \/><\/div><\/a>\n\t\t\t\t<div class=\"elementor-post__text\">\n\t\t\t\t<h3 class=\"elementor-post__title\">\n\t\t\t<a href=\"https:\/\/capferrat-villas.com\/fr\/lancement-du-nouveau-site-web\/\" >\n\t\t\t\tLancement du nouveau site web !\t\t\t<\/a>\n\t\t<\/h3>\n\t\t\t\t<\/div>\n\t\t\t\t\t<\/div>\n\t\t<\/article>\n\t\t\t\t<\/div>\n\t\t\n\t\t\t\t\t\t<\/div>\n\t\t\t\t<\/div>\n\t\t\t\t\t<\/div>\n\t\t<\/div>\n\t\t\t\t\t<\/div>\n\t\t<\/section>\n\t\t\t\t<\/div>\n\t\t","protected":false},"excerpt":{"rendered":"<p>NOUVELLES NOS NOUVELLES Les derni\u00e8res nouvelles concernant les villas de luxe \u00e0 louer \u00e0 Cap Ferrat:<\/p>\n","protected":false},"author":2,"featured_media":3350,"parent":0,"menu_order":0,"comment_status":"closed","ping_status":"closed","template":"elementor_header_footer","meta":{"_acf_changed":false,"footnotes":""},"class_list":["post-4306","page","type-page","status-publish","has-post-thumbnail","hentry"],"acf":[],"yoast_head":"<!-- This site is optimized with the Yoast SEO plugin v25.6 - https:\/\/yoast.com\/wordpress\/plugins\/seo\/ -->\n<title>Actualit\u00e9s - The S Co.<\/title>\n<meta name=\"robots\" content=\"index, follow, max-snippet:-1, max-image-preview:large, max-video-preview:-1\" \/>\n<link rel=\"canonical\" href=\"https:\/\/capferrat-villas.com\/fr\/actualites\/\" \/>\n<meta property=\"og:locale\" content=\"fr_FR\" \/>\n<meta property=\"og:type\" content=\"article\" \/>\n<meta property=\"og:title\" content=\"Actualit\u00e9s - The S Co.\" \/>\n<meta property=\"og:description\" content=\"NOUVELLES NOS NOUVELLES Les derni\u00e8res nouvelles concernant les villas de luxe \u00e0 louer \u00e0 Cap Ferrat:\" \/>\n<meta property=\"og:url\" content=\"https:\/\/capferrat-villas.com\/fr\/actualites\/\" \/>\n<meta property=\"og:site_name\" content=\"The S Co.\" \/>\n<meta property=\"article:modified_time\" content=\"2023-10-30T11:10:40+00:00\" \/>\n<meta property=\"og:image\" content=\"https:\/\/capferrat-villas.com\/wp-content\/uploads\/2022\/09\/Pool-life-in-St-Jean-Cap-Ferrat-1.jpg\" \/>\n\t<meta property=\"og:image:width\" content=\"2000\" \/>\n\t<meta property=\"og:image:height\" content=\"1333\" \/>\n\t<meta property=\"og:image:type\" content=\"image\/jpeg\" \/>\n<meta name=\"twitter:card\" content=\"summary_large_image\" \/>\n<script type=\"application\/ld+json\" class=\"yoast-schema-graph\">{\"@context\":\"https:\/\/schema.org\",\"@graph\":[{\"@type\":\"WebPage\",\"@id\":\"https:\/\/capferrat-villas.com\/fr\/actualites\/\",\"url\":\"https:\/\/capferrat-villas.com\/fr\/actualites\/\",\"name\":\"Actualit\u00e9s - The S Co.\",\"isPartOf\":{\"@id\":\"https:\/\/capferrat-villas.com\/fr\/#website\"},\"primaryImageOfPage\":{\"@id\":\"https:\/\/capferrat-villas.com\/fr\/actualites\/#primaryimage\"},\"image\":{\"@id\":\"https:\/\/capferrat-villas.com\/fr\/actualites\/#primaryimage\"},\"thumbnailUrl\":\"https:\/\/capferrat-villas.com\/wp-content\/uploads\/2022\/09\/Pool-life-in-St-Jean-Cap-Ferrat-1.jpg\",\"datePublished\":\"2022-01-27T20:55:58+00:00\",\"dateModified\":\"2023-10-30T11:10:40+00:00\",\"breadcrumb\":{\"@id\":\"https:\/\/capferrat-villas.com\/fr\/actualites\/#breadcrumb\"},\"inLanguage\":\"fr-FR\",\"potentialAction\":[{\"@type\":\"ReadAction\",\"target\":[\"https:\/\/capferrat-villas.com\/fr\/actualites\/\"]}]},{\"@type\":\"ImageObject\",\"inLanguage\":\"fr-FR\",\"@id\":\"https:\/\/capferrat-villas.com\/fr\/actualites\/#primaryimage\",\"url\":\"https:\/\/capferrat-villas.com\/wp-content\/uploads\/2022\/09\/Pool-life-in-St-Jean-Cap-Ferrat-1.jpg\",\"contentUrl\":\"https:\/\/capferrat-villas.com\/wp-content\/uploads\/2022\/09\/Pool-life-in-St-Jean-Cap-Ferrat-1.jpg\",\"width\":2000,\"height\":1333},{\"@type\":\"BreadcrumbList\",\"@id\":\"https:\/\/capferrat-villas.com\/fr\/actualites\/#breadcrumb\",\"itemListElement\":[{\"@type\":\"ListItem\",\"position\":1,\"name\":\"Home\",\"item\":\"https:\/\/capferrat-villas.com\/fr\/page-daccueil\/\"},{\"@type\":\"ListItem\",\"position\":2,\"name\":\"Actualit\u00e9s\"}]},{\"@type\":\"WebSite\",\"@id\":\"https:\/\/capferrat-villas.com\/fr\/#website\",\"url\":\"https:\/\/capferrat-villas.com\/fr\/\",\"name\":\"CFV\",\"description\":\"Cap Ferrat Villas\",\"publisher\":{\"@id\":\"https:\/\/capferrat-villas.com\/fr\/#organization\"},\"potentialAction\":[{\"@type\":\"SearchAction\",\"target\":{\"@type\":\"EntryPoint\",\"urlTemplate\":\"https:\/\/capferrat-villas.com\/fr\/?s={search_term_string}\"},\"query-input\":{\"@type\":\"PropertyValueSpecification\",\"valueRequired\":true,\"valueName\":\"search_term_string\"}}],\"inLanguage\":\"fr-FR\"},{\"@type\":\"Organization\",\"@id\":\"https:\/\/capferrat-villas.com\/fr\/#organization\",\"name\":\"CFV\",\"url\":\"https:\/\/capferrat-villas.com\/fr\/\",\"logo\":{\"@type\":\"ImageObject\",\"inLanguage\":\"fr-FR\",\"@id\":\"https:\/\/capferrat-villas.com\/fr\/#\/schema\/logo\/image\/\",\"url\":\"\",\"contentUrl\":\"\",\"caption\":\"CFV\"},\"image\":{\"@id\":\"https:\/\/capferrat-villas.com\/fr\/#\/schema\/logo\/image\/\"}}]}<\/script>\n<!-- \/ Yoast SEO plugin. -->","yoast_head_json":{"title":"Actualit\u00e9s - The S Co.","robots":{"index":"index","follow":"follow","max-snippet":"max-snippet:-1","max-image-preview":"max-image-preview:large","max-video-preview":"max-video-preview:-1"},"canonical":"https:\/\/capferrat-villas.com\/fr\/actualites\/","og_locale":"fr_FR","og_type":"article","og_title":"Actualit\u00e9s - The S Co.","og_description":"NOUVELLES NOS NOUVELLES Les derni\u00e8res nouvelles concernant les villas de luxe \u00e0 louer \u00e0 Cap Ferrat:","og_url":"https:\/\/capferrat-villas.com\/fr\/actualites\/","og_site_name":"The S Co.","article_modified_time":"2023-10-30T11:10:40+00:00","og_image":[{"width":2000,"height":1333,"url":"https:\/\/capferrat-villas.com\/wp-content\/uploads\/2022\/09\/Pool-life-in-St-Jean-Cap-Ferrat-1.jpg","type":"image\/jpeg"}],"twitter_card":"summary_large_image","schema":{"@context":"https:\/\/schema.org","@graph":[{"@type":"WebPage","@id":"https:\/\/capferrat-villas.com\/fr\/actualites\/","url":"https:\/\/capferrat-villas.com\/fr\/actualites\/","name":"Actualit\u00e9s - The S Co.","isPartOf":{"@id":"https:\/\/capferrat-villas.com\/fr\/#website"},"primaryImageOfPage":{"@id":"https:\/\/capferrat-villas.com\/fr\/actualites\/#primaryimage"},"image":{"@id":"https:\/\/capferrat-villas.com\/fr\/actualites\/#primaryimage"},"thumbnailUrl":"https:\/\/capferrat-villas.com\/wp-content\/uploads\/2022\/09\/Pool-life-in-St-Jean-Cap-Ferrat-1.jpg","datePublished":"2022-01-27T20:55:58+00:00","dateModified":"2023-10-30T11:10:40+00:00","breadcrumb":{"@id":"https:\/\/capferrat-villas.com\/fr\/actualites\/#breadcrumb"},"inLanguage":"fr-FR","potentialAction":[{"@type":"ReadAction","target":["https:\/\/capferrat-villas.com\/fr\/actualites\/"]}]},{"@type":"ImageObject","inLanguage":"fr-FR","@id":"https:\/\/capferrat-villas.com\/fr\/actualites\/#primaryimage","url":"https:\/\/capferrat-villas.com\/wp-content\/uploads\/2022\/09\/Pool-life-in-St-Jean-Cap-Ferrat-1.jpg","contentUrl":"https:\/\/capferrat-villas.com\/wp-content\/uploads\/2022\/09\/Pool-life-in-St-Jean-Cap-Ferrat-1.jpg","width":2000,"height":1333},{"@type":"BreadcrumbList","@id":"https:\/\/capferrat-villas.com\/fr\/actualites\/#breadcrumb","itemListElement":[{"@type":"ListItem","position":1,"name":"Home","item":"https:\/\/capferrat-villas.com\/fr\/page-daccueil\/"},{"@type":"ListItem","position":2,"name":"Actualit\u00e9s"}]},{"@type":"WebSite","@id":"https:\/\/capferrat-villas.com\/fr\/#website","url":"https:\/\/capferrat-villas.com\/fr\/","name":"CFV","description":"Cap Ferrat Villas","publisher":{"@id":"https:\/\/capferrat-villas.com\/fr\/#organization"},"potentialAction":[{"@type":"SearchAction","target":{"@type":"EntryPoint","urlTemplate":"https:\/\/capferrat-villas.com\/fr\/?s={search_term_string}"},"query-input":{"@type":"PropertyValueSpecification","valueRequired":true,"valueName":"search_term_string"}}],"inLanguage":"fr-FR"},{"@type":"Organization","@id":"https:\/\/capferrat-villas.com\/fr\/#organization","name":"CFV","url":"https:\/\/capferrat-villas.com\/fr\/","logo":{"@type":"ImageObject","inLanguage":"fr-FR","@id":"https:\/\/capferrat-villas.com\/fr\/#\/schema\/logo\/image\/","url":"","contentUrl":"","caption":"CFV"},"image":{"@id":"https:\/\/capferrat-villas.com\/fr\/#\/schema\/logo\/image\/"}}]}},"distributor_meta":false,"distributor_terms":false,"distributor_media":false,"distributor_original_site_name":"The S Co. ","distributor_original_site_url":"https:\/\/capferrat-villas.com\/fr\/","push-errors":false,"_links":{"self":[{"href":"https:\/\/capferrat-villas.com\/fr\/wp-json\/wp\/v2\/pages\/4306"}],"collection":[{"href":"https:\/\/capferrat-villas.com\/fr\/wp-json\/wp\/v2\/pages"}],"about":[{"href":"https:\/\/capferrat-villas.com\/fr\/wp-json\/wp\/v2\/types\/page"}],"author":[{"embeddable":true,"href":"https:\/\/capferrat-villas.com\/fr\/wp-json\/wp\/v2\/users\/2"}],"replies":[{"embeddable":true,"href":"https:\/\/capferrat-villas.com\/fr\/wp-json\/wp\/v2\/comments?post=4306"}],"version-history":[{"count":1,"href":"https:\/\/capferrat-villas.com\/fr\/wp-json\/wp\/v2\/pages\/4306\/revisions"}],"predecessor-version":[{"id":4307,"href":"https:\/\/capferrat-villas.com\/fr\/wp-json\/wp\/v2\/pages\/4306\/revisions\/4307"}],"wp:featuredmedia":[{"embeddable":true,"href":"https:\/\/capferrat-villas.com\/fr\/wp-json\/wp\/v2\/media\/3350"}],"wp:attachment":[{"href":"https:\/\/capferrat-villas.com\/fr\/wp-json\/wp\/v2\/media?parent=4306"}],"curies":[{"name":"wp","href":"https:\/\/api.w.org\/{rel}","templated":true}]}}